{"id":474,"date":"2024-09-08T21:13:43","date_gmt":"2024-09-09T00:13:43","guid":{"rendered":"https:\/\/desarrollartecorporacion.cl\/?page_id=474"},"modified":"2024-09-08T22:42:02","modified_gmt":"2024-09-09T01:42:02","slug":"capacitacion-prevencion-y-deteccion-de-violencias","status":"publish","type":"page","link":"https:\/\/desarrollartecorporacion.cl\/index.php\/capacitacion-prevencion-y-deteccion-de-violencias\/","title":{"rendered":"Capacitaci\u00f3n 5"},"content":{"rendered":"\t\t<div data-elementor-type=\"wp-page\" data-elementor-id=\"474\" class=\"elementor elementor-474\" data-elementor-settings=\"{&quot;ha_cmc_init_switcher&quot;:&quot;no&quot;}\">\n\t\t\t\t<div class=\"elementor-element elementor-element-d158dc3 e-con-full e-flex e-con e-parent\" data-id=\"d158dc3\" data-element_type=\"container\" data-settings=\"{&quot;background_background&quot;:&quot;classic&quot;,&quot;_ha_eqh_enable&quot;:false}\">\n\t\t<div class=\"elementor-element elementor-element-1034772 e-con-full e-flex e-con e-child\" data-id=\"1034772\" data-element_type=\"container\" data-settings=\"{&quot;_ha_eqh_enable&quot;:false}\">\n\t\t<div class=\"elementor-element elementor-element-572906f e-con-full e-flex e-con e-child\" data-id=\"572906f\" data-element_type=\"container\" data-settings=\"{&quot;background_background&quot;:&quot;slideshow&quot;,&quot;background_slideshow_gallery&quot;:[],&quot;background_slideshow_loop&quot;:&quot;yes&quot;,&quot;background_slideshow_slide_duration&quot;:5000,&quot;background_slideshow_slide_transition&quot;:&quot;fade&quot;,&quot;background_slideshow_transition_duration&quot;:500,&quot;_ha_eqh_enable&quot;:false}\">\n\t\t\t\t<div class=\"elementor-element elementor-element-b9b3d1f elementor-widget elementor-widget-heading\" data-id=\"b9b3d1f\" data-element_type=\"widget\" data-widget_type=\"heading.default\">\n\t\t\t\t<div class=\"elementor-widget-container\">\n\t\t\t\t\t<h2 class=\"elementor-heading-title elementor-size-default\">FORMACI\u00d3N Y CAPACITACI\u00d3N<\/h2>\t\t\t\t<\/div>\n\t\t\t\t<\/div>\n\t\t\t\t<div class=\"elementor-element elementor-element-d9cafee elementor-widget elementor-widget-heading\" data-id=\"d9cafee\" data-element_type=\"widget\" data-widget_type=\"heading.default\">\n\t\t\t\t<div class=\"elementor-widget-container\">\n\t\t\t\t\t<h2 class=\"elementor-heading-title elementor-size-default\">Equipos directivos, de convivencia \nescolar, docentes y asistentes de  la\neducaci\u00f3n.<\/h2>\t\t\t\t<\/div>\n\t\t\t\t<\/div>\n\t\t\t\t<\/div>\n\t\t\t\t<\/div>\n\t\t\t\t<\/div>\n\t\t\t\t<section class=\"elementor-section elementor-top-section elementor-element elementor-element-8c4a197 elementor-section-boxed elementor-section-height-default elementor-section-height-default\" data-id=\"8c4a197\" data-element_type=\"section\" data-settings=\"{&quot;background_background&quot;:&quot;classic&quot;,&quot;_ha_eqh_enable&quot;:false}\">\n\t\t\t\t\t\t<div class=\"elementor-container elementor-column-gap-default\">\n\t\t\t\t\t<div class=\"elementor-column elementor-col-100 elementor-top-column elementor-element elementor-element-6656018\" data-id=\"6656018\" data-element_type=\"column\">\n\t\t\t<div class=\"elementor-widget-wrap elementor-element-populated\">\n\t\t\t\t\t\t<section class=\"elementor-section elementor-inner-section elementor-element elementor-element-5ba5176 elementor-section-content-middle elementor-section-boxed elementor-section-height-default elementor-section-height-default\" data-id=\"5ba5176\" data-element_type=\"section\" data-settings=\"{&quot;_ha_eqh_enable&quot;:false}\">\n\t\t\t\t\t\t<div class=\"elementor-container elementor-column-gap-default\">\n\t\t\t\t\t<div class=\"elementor-column elementor-col-50 elementor-inner-column elementor-element elementor-element-32b1d6f\" data-id=\"32b1d6f\" data-element_type=\"column\" data-settings=\"{&quot;background_background&quot;:&quot;classic&quot;}\">\n\t\t\t<div class=\"elementor-widget-wrap elementor-element-populated\">\n\t\t\t\t\t<div class=\"elementor-background-overlay\"><\/div>\n\t\t\t\t\t\t<div class=\"elementor-element elementor-element-929c48d elementor-widget elementor-widget-heading\" data-id=\"929c48d\" data-element_type=\"widget\" data-widget_type=\"heading.default\">\n\t\t\t\t<div class=\"elementor-widget-container\">\n\t\t\t\t\t<h2 class=\"elementor-heading-title elementor-size-default\">5.<\/h2>\t\t\t\t<\/div>\n\t\t\t\t<\/div>\n\t\t\t\t<div class=\"elementor-element elementor-element-16edc16 elementor-widget elementor-widget-heading\" data-id=\"16edc16\" data-element_type=\"widget\" data-widget_type=\"heading.default\">\n\t\t\t\t<div class=\"elementor-widget-container\">\n\t\t\t\t\t<h5 class=\"elementor-heading-title elementor-size-default\"><strong>CURSO <\/strong> <br>\nPrevenci\u00f3n y Detecci\u00f3n de Violencias: Violencia Escolar\n\ny en el Pololeo.<\/h5>\t\t\t\t<\/div>\n\t\t\t\t<\/div>\n\t\t\t\t\t<\/div>\n\t\t<\/div>\n\t\t\t\t<div class=\"elementor-column elementor-col-50 elementor-inner-column elementor-element elementor-element-a23dc92\" data-id=\"a23dc92\" data-element_type=\"column\">\n\t\t\t<div class=\"elementor-widget-wrap elementor-element-populated\">\n\t\t\t\t\t\t<div class=\"elementor-element elementor-element-b790a2c elementor-widget elementor-widget-image\" data-id=\"b790a2c\" data-element_type=\"widget\" data-widget_type=\"image.default\">\n\t\t\t\t<div class=\"elementor-widget-container\">\n\t\t\t\t\t\t\t\t\t\t\t\t\t\t\t<img fetchpriority=\"high\" decoding=\"async\" width=\"450\" height=\"299\" src=\"https:\/\/desarrollartecorporacion.cl\/wp-content\/uploads\/2024\/09\/violencia.jpg\" class=\"attachment-large size-large wp-image-478\" alt=\"\" srcset=\"https:\/\/desarrollartecorporacion.cl\/wp-content\/uploads\/2024\/09\/violencia.jpg 450w, https:\/\/desarrollartecorporacion.cl\/wp-content\/uploads\/2024\/09\/violencia-300x199.jpg 300w\" sizes=\"(max-width: 450px) 100vw, 450px\" \/>\t\t\t\t\t\t\t\t\t\t\t\t\t\t\t<\/div>\n\t\t\t\t<\/div>\n\t\t\t\t\t<\/div>\n\t\t<\/div>\n\t\t\t\t\t<\/div>\n\t\t<\/section>\n\t\t\t\t<section class=\"elementor-section elementor-inner-section elementor-element elementor-element-a476606 elementor-section-content-middle elementor-section-boxed elementor-section-height-default elementor-section-height-default\" data-id=\"a476606\" data-element_type=\"section\" data-settings=\"{&quot;_ha_eqh_enable&quot;:false}\">\n\t\t\t\t\t\t<div class=\"elementor-container elementor-column-gap-wide\">\n\t\t\t\t\t<div class=\"elementor-column elementor-col-50 elementor-inner-column elementor-element elementor-element-8949a09\" data-id=\"8949a09\" data-element_type=\"column\">\n\t\t\t<div class=\"elementor-widget-wrap elementor-element-populated\">\n\t\t\t\t\t\t<div class=\"elementor-element elementor-element-76d312b elementor-widget elementor-widget-heading\" data-id=\"76d312b\" data-element_type=\"widget\" data-widget_type=\"heading.default\">\n\t\t\t\t<div class=\"elementor-widget-container\">\n\t\t\t\t\t<h2 class=\"elementor-heading-title elementor-size-default\">Descripci\u00f3n<\/h2>\t\t\t\t<\/div>\n\t\t\t\t<\/div>\n\t\t\t\t<div class=\"elementor-element elementor-element-d6d3e05 elementor-widget elementor-widget-heading\" data-id=\"d6d3e05\" data-element_type=\"widget\" data-widget_type=\"heading.default\">\n\t\t\t\t<div class=\"elementor-widget-container\">\n\t\t\t\t\t<h5 class=\"elementor-heading-title elementor-size-default\">Este curso est\u00e1 dise\u00f1ado para abordar dos de las formas m\u00e1s preocupantes de violencia en menores de edad: la violencia escolar y la violencia en relaciones de\npareja adolescentes (pololeo). A trav\u00e9s de un enfoque integral, se proporcionar\u00e1n\nherramientas te\u00f3ricas y pr\u00e1cticas para reconocer, prevenir y actuar frente a\nsituaciones de violencia en estos contextos, fomentando un ambiente de\naprendizaje colaborativo y cr\u00edtico con el fin de promover entornos m\u00e1s seguros y respetuosos.<\/h5>\t\t\t\t<\/div>\n\t\t\t\t<\/div>\n\t\t\t\t\t<\/div>\n\t\t<\/div>\n\t\t\t\t<div class=\"elementor-column elementor-col-50 elementor-inner-column elementor-element elementor-element-c5c0b1c\" data-id=\"c5c0b1c\" data-element_type=\"column\">\n\t\t\t<div class=\"elementor-widget-wrap elementor-element-populated\">\n\t\t\t\t\t\t<div class=\"elementor-element elementor-element-6040583 elementor-widget elementor-widget-heading\" data-id=\"6040583\" data-element_type=\"widget\" data-widget_type=\"heading.default\">\n\t\t\t\t<div class=\"elementor-widget-container\">\n\t\t\t\t\t<h2 class=\"elementor-heading-title elementor-size-default\">Objetivo General<\/h2>\t\t\t\t<\/div>\n\t\t\t\t<\/div>\n\t\t\t\t<div class=\"elementor-element elementor-element-d0ad76e elementor-widget elementor-widget-heading\" data-id=\"d0ad76e\" data-element_type=\"widget\" data-widget_type=\"heading.default\">\n\t\t\t\t<div class=\"elementor-widget-container\">\n\t\t\t\t\t<h5 class=\"elementor-heading-title elementor-size-default\">Desarrollar competencias en la prevenci\u00f3n y detecci\u00f3n de violencias\nescolares y en el pololeo, identificando situaciones de riesgo y fomentando\nla construcci\u00f3n de ambientes de respeto y seguridad en contextos\neducativos y relacionales.<\/h5>\t\t\t\t<\/div>\n\t\t\t\t<\/div>\n\t\t\t\t\t<\/div>\n\t\t<\/div>\n\t\t\t\t\t<\/div>\n\t\t<\/section>\n\t\t\t\t<section class=\"elementor-section elementor-inner-section elementor-element elementor-element-25fe69d elementor-section-content-middle elementor-section-boxed elementor-section-height-default elementor-section-height-default\" data-id=\"25fe69d\" data-element_type=\"section\" data-settings=\"{&quot;_ha_eqh_enable&quot;:false}\">\n\t\t\t\t\t\t<div class=\"elementor-container elementor-column-gap-wide\">\n\t\t\t\t\t<div class=\"elementor-column elementor-col-50 elementor-inner-column elementor-element elementor-element-b8e2f5c\" data-id=\"b8e2f5c\" data-element_type=\"column\">\n\t\t\t<div class=\"elementor-widget-wrap elementor-element-populated\">\n\t\t\t\t\t\t<div class=\"elementor-element elementor-element-f7eb3aa elementor-widget elementor-widget-heading\" data-id=\"f7eb3aa\" data-element_type=\"widget\" data-widget_type=\"heading.default\">\n\t\t\t\t<div class=\"elementor-widget-container\">\n\t\t\t\t\t<h2 class=\"elementor-heading-title elementor-size-default\">Objetivos Espec\u00edficos<\/h2>\t\t\t\t<\/div>\n\t\t\t\t<\/div>\n\t\t\t\t<div class=\"elementor-element elementor-element-ea382f9 elementor-icon-list--layout-traditional elementor-list-item-link-full_width elementor-widget elementor-widget-icon-list\" data-id=\"ea382f9\" data-element_type=\"widget\" data-widget_type=\"icon-list.default\">\n\t\t\t\t<div class=\"elementor-widget-container\">\n\t\t\t\t\t\t\t<ul class=\"elementor-icon-list-items\">\n\t\t\t\t\t\t\t<li class=\"elementor-icon-list-item\">\n\t\t\t\t\t\t\t\t\t\t\t<span class=\"elementor-icon-list-icon\">\n\t\t\t\t\t\t\t<svg aria-hidden=\"true\" class=\"e-font-icon-svg e-far-hand-rock\" viewBox=\"0 0 512 512\" xmlns=\"http:\/\/www.w3.org\/2000\/svg\"><path d=\"M408.864 79.052c-22.401-33.898-66.108-42.273-98.813-23.588-29.474-31.469-79.145-31.093-108.334-.022-47.16-27.02-108.71 5.055-110.671 60.806C44.846 105.407 0 140.001 0 187.429v56.953c0 32.741 14.28 63.954 39.18 85.634l97.71 85.081c4.252 3.702 3.11 5.573 3.11 32.903 0 17.673 14.327 32 32 32h252c17.673 0 32-14.327 32-32 0-23.513-1.015-30.745 3.982-42.37l42.835-99.656c6.094-14.177 9.183-29.172 9.183-44.568V146.963c0-52.839-54.314-88.662-103.136-67.911zM464 261.406a64.505 64.505 0 0 1-5.282 25.613l-42.835 99.655c-5.23 12.171-7.883 25.04-7.883 38.25V432H188v-10.286c0-16.37-7.14-31.977-19.59-42.817l-97.71-85.08C56.274 281.255 48 263.236 48 244.381v-56.953c0-33.208 52-33.537 52 .677v41.228a16 16 0 0 0 5.493 12.067l7 6.095A16 16 0 0 0 139 235.429V118.857c0-33.097 52-33.725 52 .677v26.751c0 8.836 7.164 16 16 16h7c8.836 0 16-7.164 16-16v-41.143c0-33.134 52-33.675 52 .677v40.466c0 8.836 7.163 16 16 16h7c8.837 0 16-7.164 16-16v-27.429c0-33.03 52-33.78 52 .677v26.751c0 8.836 7.163 16 16 16h7c8.837 0 16-7.164 16-16 0-33.146 52-33.613 52 .677v114.445z\"><\/path><\/svg>\t\t\t\t\t\t<\/span>\n\t\t\t\t\t\t\t\t\t\t<span class=\"elementor-icon-list-text\">Comprender las diferentes manifestaciones de violencia escolar y en el pololeo y sus caracter\u00edsticas espec\u00edficas.<\/span>\n\t\t\t\t\t\t\t\t\t<\/li>\n\t\t\t\t\t\t\t\t<li class=\"elementor-icon-list-item\">\n\t\t\t\t\t\t\t\t\t\t\t<span class=\"elementor-icon-list-icon\">\n\t\t\t\t\t\t\t<svg aria-hidden=\"true\" class=\"e-font-icon-svg e-far-eye\" viewBox=\"0 0 576 512\" xmlns=\"http:\/\/www.w3.org\/2000\/svg\"><path d=\"M288 144a110.94 110.94 0 0 0-31.24 5 55.4 55.4 0 0 1 7.24 27 56 56 0 0 1-56 56 55.4 55.4 0 0 1-27-7.24A111.71 111.71 0 1 0 288 144zm284.52 97.4C518.29 135.59 410.93 64 288 64S57.68 135.64 3.48 241.41a32.35 32.35 0 0 0 0 29.19C57.71 376.41 165.07 448 288 448s230.32-71.64 284.52-177.41a32.35 32.35 0 0 0 0-29.19zM288 400c-98.65 0-189.09-55-237.93-144C98.91 167 189.34 112 288 112s189.09 55 237.93 144C477.1 345 386.66 400 288 400z\"><\/path><\/svg>\t\t\t\t\t\t<\/span>\n\t\t\t\t\t\t\t\t\t\t<span class=\"elementor-icon-list-text\">Aprender a identificar signos y comportamientos que indican la presencia de violencia en entornos escolares y en relaciones adolescentes.<\/span>\n\t\t\t\t\t\t\t\t\t<\/li>\n\t\t\t\t\t\t\t\t<li class=\"elementor-icon-list-item\">\n\t\t\t\t\t\t\t\t\t\t\t<span class=\"elementor-icon-list-icon\">\n\t\t\t\t\t\t\t<svg aria-hidden=\"true\" class=\"e-font-icon-svg e-fas-equals\" viewBox=\"0 0 448 512\" xmlns=\"http:\/\/www.w3.org\/2000\/svg\"><path d=\"M416 304H32c-17.67 0-32 14.33-32 32v32c0 17.67 14.33 32 32 32h384c17.67 0 32-14.33 32-32v-32c0-17.67-14.33-32-32-32zm0-192H32c-17.67 0-32 14.33-32 32v32c0 17.67 14.33 32 32 32h384c17.67 0 32-14.33 32-32v-32c0-17.67-14.33-32-32-32z\"><\/path><\/svg>\t\t\t\t\t\t<\/span>\n\t\t\t\t\t\t\t\t\t\t<span class=\"elementor-icon-list-text\">Dise\u00f1ar e implementar estrategias de prevenci\u00f3n efectivas en el \u00e1mbito escolar y en relaciones de pareja, fomentando valores como el respeto, la empat\u00eda y la igualdad.<\/span>\n\t\t\t\t\t\t\t\t\t<\/li>\n\t\t\t\t\t\t\t\t<li class=\"elementor-icon-list-item\">\n\t\t\t\t\t\t\t\t\t\t\t<span class=\"elementor-icon-list-icon\">\n\t\t\t\t\t\t\t<svg aria-hidden=\"true\" class=\"e-font-icon-svg e-fas-people-arrows\" viewBox=\"0 0 576 512\" xmlns=\"http:\/\/www.w3.org\/2000\/svg\"><path d=\"M96,128A64,64,0,1,0,32,64,64,64,0,0,0,96,128Zm0,176.08a44.11,44.11,0,0,1,13.64-32L181.77,204c1.65-1.55,3.77-2.31,5.61-3.57A63.91,63.91,0,0,0,128,160H64A64,64,0,0,0,0,224v96a32,32,0,0,0,32,32V480a32,32,0,0,0,32,32h64a32,32,0,0,0,32-32V383.61l-50.36-47.53A44.08,44.08,0,0,1,96,304.08ZM480,128a64,64,0,1,0-64-64A64,64,0,0,0,480,128Zm32,32H448a63.91,63.91,0,0,0-59.38,40.42c1.84,1.27,4,2,5.62,3.59l72.12,68.06a44.37,44.37,0,0,1,0,64L416,383.62V480a32,32,0,0,0,32,32h64a32,32,0,0,0,32-32V352a32,32,0,0,0,32-32V224A64,64,0,0,0,512,160ZM444.4,295.34l-72.12-68.06A12,12,0,0,0,352,236v36H224V236a12,12,0,0,0-20.28-8.73L131.6,295.34a12.4,12.4,0,0,0,0,17.47l72.12,68.07A12,12,0,0,0,224,372.14V336H352v36.14a12,12,0,0,0,20.28,8.74l72.12-68.07A12.4,12.4,0,0,0,444.4,295.34Z\"><\/path><\/svg>\t\t\t\t\t\t<\/span>\n\t\t\t\t\t\t\t\t\t\t<span class=\"elementor-icon-list-text\">Informar sobre los recursos y redes de apoyo que existen para ayudar a las v\u00edctimas de violencia, incluyendo servicios de orientaci\u00f3n y asistencia psicol\u00f3gica.<\/span>\n\t\t\t\t\t\t\t\t\t<\/li>\n\t\t\t\t\t\t<\/ul>\n\t\t\t\t\t\t<\/div>\n\t\t\t\t<\/div>\n\t\t\t\t\t<\/div>\n\t\t<\/div>\n\t\t\t\t<div class=\"elementor-column elementor-col-50 elementor-inner-column elementor-element elementor-element-ec44673\" data-id=\"ec44673\" data-element_type=\"column\">\n\t\t\t<div class=\"elementor-widget-wrap elementor-element-populated\">\n\t\t\t\t\t\t<div class=\"elementor-element elementor-element-661d16f elementor-icon-list--layout-traditional elementor-list-item-link-full_width elementor-widget elementor-widget-icon-list\" data-id=\"661d16f\" data-element_type=\"widget\" data-widget_type=\"icon-list.default\">\n\t\t\t\t<div class=\"elementor-widget-container\">\n\t\t\t\t\t\t\t<ul class=\"elementor-icon-list-items\">\n\t\t\t\t\t\t\t<li class=\"elementor-icon-list-item\">\n\t\t\t\t\t\t\t\t\t\t\t<span class=\"elementor-icon-list-icon\">\n\t\t\t\t\t\t\t<svg aria-hidden=\"true\" class=\"e-font-icon-svg e-far-clock\" viewBox=\"0 0 512 512\" xmlns=\"http:\/\/www.w3.org\/2000\/svg\"><path d=\"M256 8C119 8 8 119 8 256s111 248 248 248 248-111 248-248S393 8 256 8zm0 448c-110.5 0-200-89.5-200-200S145.5 56 256 56s200 89.5 200 200-89.5 200-200 200zm61.8-104.4l-84.9-61.7c-3.1-2.3-4.9-5.9-4.9-9.7V116c0-6.6 5.4-12 12-12h32c6.6 0 12 5.4 12 12v141.7l66.8 48.6c5.4 3.9 6.5 11.4 2.6 16.8L334.6 349c-3.9 5.3-11.4 6.5-16.8 2.6z\"><\/path><\/svg>\t\t\t\t\t\t<\/span>\n\t\t\t\t\t\t\t\t\t\t<span class=\"elementor-icon-list-text\">Duraci\u00f3n<\/span>\n\t\t\t\t\t\t\t\t\t<\/li>\n\t\t\t\t\t\t<\/ul>\n\t\t\t\t\t\t<\/div>\n\t\t\t\t<\/div>\n\t\t<div class=\"elementor-element elementor-element-fb69e6a e-grid e-con-full e-con e-parent\" data-id=\"fb69e6a\" data-element_type=\"container\" data-settings=\"{&quot;_ha_eqh_enable&quot;:false}\">\n\t\t\t\t<div class=\"elementor-element elementor-element-3d51008 elementor-widget elementor-widget-heading\" data-id=\"3d51008\" data-element_type=\"widget\" data-widget_type=\"heading.default\">\n\t\t\t\t<div class=\"elementor-widget-container\">\n\t\t\t\t\t<h5 class=\"elementor-heading-title elementor-size-default\">Nivel Elemental<\/h5>\t\t\t\t<\/div>\n\t\t\t\t<\/div>\n\t\t\t\t<div class=\"elementor-element elementor-element-bc6a9b9 elementor-widget elementor-widget-heading\" data-id=\"bc6a9b9\" data-element_type=\"widget\" data-widget_type=\"heading.default\">\n\t\t\t\t<div class=\"elementor-widget-container\">\n\t\t\t\t\t<h5 class=\"elementor-heading-title elementor-size-default\">3 hrs.<\/h5>\t\t\t\t<\/div>\n\t\t\t\t<\/div>\n\t\t\t\t<\/div>\n\t\t\t\t<div class=\"elementor-element elementor-element-78212c3 elementor-widget-divider--view-line elementor-widget elementor-widget-divider\" data-id=\"78212c3\" data-element_type=\"widget\" data-widget_type=\"divider.default\">\n\t\t\t\t<div class=\"elementor-widget-container\">\n\t\t\t\t\t\t\t<div class=\"elementor-divider\">\n\t\t\t<span class=\"elementor-divider-separator\">\n\t\t\t\t\t\t<\/span>\n\t\t<\/div>\n\t\t\t\t\t\t<\/div>\n\t\t\t\t<\/div>\n\t\t<div class=\"elementor-element elementor-element-3c991d2 e-grid e-con-full e-con e-parent\" data-id=\"3c991d2\" data-element_type=\"container\" data-settings=\"{&quot;_ha_eqh_enable&quot;:false}\">\n\t\t\t\t<div class=\"elementor-element elementor-element-6a82402 elementor-widget elementor-widget-heading\" data-id=\"6a82402\" data-element_type=\"widget\" data-widget_type=\"heading.default\">\n\t\t\t\t<div class=\"elementor-widget-container\">\n\t\t\t\t\t<h5 class=\"elementor-heading-title elementor-size-default\">Nivel Intermedio<\/h5>\t\t\t\t<\/div>\n\t\t\t\t<\/div>\n\t\t\t\t<div class=\"elementor-element elementor-element-94745d8 elementor-widget elementor-widget-heading\" data-id=\"94745d8\" data-element_type=\"widget\" data-widget_type=\"heading.default\">\n\t\t\t\t<div class=\"elementor-widget-container\">\n\t\t\t\t\t<h5 class=\"elementor-heading-title elementor-size-default\">4-6 hrs.<\/h5>\t\t\t\t<\/div>\n\t\t\t\t<\/div>\n\t\t\t\t<\/div>\n\t\t\t\t<div class=\"elementor-element elementor-element-03a48e8 elementor-widget-divider--view-line elementor-widget elementor-widget-divider\" data-id=\"03a48e8\" data-element_type=\"widget\" data-widget_type=\"divider.default\">\n\t\t\t\t<div class=\"elementor-widget-container\">\n\t\t\t\t\t\t\t<div class=\"elementor-divider\">\n\t\t\t<span class=\"elementor-divider-separator\">\n\t\t\t\t\t\t<\/span>\n\t\t<\/div>\n\t\t\t\t\t\t<\/div>\n\t\t\t\t<\/div>\n\t\t<div class=\"elementor-element elementor-element-5374f2b e-grid e-con-full e-con e-parent\" data-id=\"5374f2b\" data-element_type=\"container\" data-settings=\"{&quot;_ha_eqh_enable&quot;:false}\">\n\t\t\t\t<div class=\"elementor-element elementor-element-61e5c61 elementor-widget elementor-widget-heading\" data-id=\"61e5c61\" data-element_type=\"widget\" data-widget_type=\"heading.default\">\n\t\t\t\t<div class=\"elementor-widget-container\">\n\t\t\t\t\t<h5 class=\"elementor-heading-title elementor-size-default\">Nivel Profundizaci\u00f3n<\/h5>\t\t\t\t<\/div>\n\t\t\t\t<\/div>\n\t\t\t\t<div class=\"elementor-element elementor-element-b171bd0 elementor-widget elementor-widget-heading\" data-id=\"b171bd0\" data-element_type=\"widget\" data-widget_type=\"heading.default\">\n\t\t\t\t<div class=\"elementor-widget-container\">\n\t\t\t\t\t<h5 class=\"elementor-heading-title elementor-size-default\">8 hrs.<\/h5>\t\t\t\t<\/div>\n\t\t\t\t<\/div>\n\t\t\t\t<\/div>\n\t\t\t\t<div class=\"elementor-element elementor-element-297f053 elementor-widget-divider--view-line elementor-widget elementor-widget-divider\" data-id=\"297f053\" data-element_type=\"widget\" data-widget_type=\"divider.default\">\n\t\t\t\t<div class=\"elementor-widget-container\">\n\t\t\t\t\t\t\t<div class=\"elementor-divider\">\n\t\t\t<span class=\"elementor-divider-separator\">\n\t\t\t\t\t\t<\/span>\n\t\t<\/div>\n\t\t\t\t\t\t<\/div>\n\t\t\t\t<\/div>\n\t\t\t\t<div class=\"elementor-element elementor-element-9e66e3a elementor-icon-list--layout-traditional elementor-list-item-link-full_width elementor-widget elementor-widget-icon-list\" data-id=\"9e66e3a\" data-element_type=\"widget\" data-widget_type=\"icon-list.default\">\n\t\t\t\t<div class=\"elementor-widget-container\">\n\t\t\t\t\t\t\t<ul class=\"elementor-icon-list-items\">\n\t\t\t\t\t\t\t<li class=\"elementor-icon-list-item\">\n\t\t\t\t\t\t\t\t\t\t\t<span class=\"elementor-icon-list-icon\">\n\t\t\t\t\t\t\t<svg aria-hidden=\"true\" class=\"e-font-icon-svg e-fas-user-check\" viewBox=\"0 0 640 512\" xmlns=\"http:\/\/www.w3.org\/2000\/svg\"><path d=\"M224 256c70.7 0 128-57.3 128-128S294.7 0 224 0 96 57.3 96 128s57.3 128 128 128zm89.6 32h-16.7c-22.2 10.2-46.9 16-72.9 16s-50.6-5.8-72.9-16h-16.7C60.2 288 0 348.2 0 422.4V464c0 26.5 21.5 48 48 48h352c26.5 0 48-21.5 48-48v-41.6c0-74.2-60.2-134.4-134.4-134.4zm323-128.4l-27.8-28.1c-4.6-4.7-12.1-4.7-16.8-.1l-104.8 104-45.5-45.8c-4.6-4.7-12.1-4.7-16.8-.1l-28.1 27.9c-4.7 4.6-4.7 12.1-.1 16.8l81.7 82.3c4.6 4.7 12.1 4.7 16.8.1l141.3-140.2c4.6-4.7 4.7-12.2.1-16.8z\"><\/path><\/svg>\t\t\t\t\t\t<\/span>\n\t\t\t\t\t\t\t\t\t\t<span class=\"elementor-icon-list-text\">Dirigido a<\/span>\n\t\t\t\t\t\t\t\t\t<\/li>\n\t\t\t\t\t\t<\/ul>\n\t\t\t\t\t\t<\/div>\n\t\t\t\t<\/div>\n\t\t\t\t<div class=\"elementor-element elementor-element-1e9b84a elementor-widget elementor-widget-heading\" data-id=\"1e9b84a\" data-element_type=\"widget\" data-widget_type=\"heading.default\">\n\t\t\t\t<div class=\"elementor-widget-container\">\n\t\t\t\t\t<h5 class=\"elementor-heading-title elementor-size-default\">Equipos directivos, de convivencia escolar, docentes y asistentes de la educaci\u00f3n,\npadres, madres, apoderados y cualquier persona interesada en abordar de\nmanera activa la problem\u00e1tica de la violencia.<\/h5>\t\t\t\t<\/div>\n\t\t\t\t<\/div>\n\t\t\t\t\t<\/div>\n\t\t<\/div>\n\t\t\t\t\t<\/div>\n\t\t<\/section>\n\t\t\t\t\t<\/div>\n\t\t<\/div>\n\t\t\t\t\t<\/div>\n\t\t<\/section>\n\t\t<div class=\"elementor-element elementor-element-f704663 e-flex e-con-boxed e-con e-parent\" data-id=\"f704663\" data-element_type=\"container\" data-settings=\"{&quot;_ha_eqh_enable&quot;:false}\">\n\t\t\t\t\t<div class=\"e-con-inner\">\n\t\t\t\t\t<\/div>\n\t\t\t\t<\/div>\n\t\t\t\t<\/div>\n\t\t","protected":false},"excerpt":{"rendered":"<p>FORMACI\u00d3N Y CAPACITACI\u00d3N Equipos directivos, de convivencia escolar, docentes y asistentes de la educaci\u00f3n. 5. CURSO Prevenci\u00f3n y Detecci\u00f3n de [&hellip;]<\/p>\n","protected":false},"author":1,"featured_media":0,"parent":0,"menu_order":0,"comment_status":"closed","ping_status":"closed","template":"","meta":{"_monsterinsights_skip_tracking":false,"site-sidebar-layout":"no-sidebar","site-content-layout":"","ast-site-content-layout":"full-width-container","site-content-style":"default","site-sidebar-style":"default","ast-global-header-display":"","ast-banner-title-visibility":"","ast-main-header-display":"","ast-hfb-above-header-display":"","ast-hfb-below-header-display":"","ast-hfb-mobile-header-display":"","site-post-title":"disabled","ast-breadcrumbs-content":"","ast-featured-img":"disabled","footer-sml-layout":"","theme-transparent-header-meta":"","adv-header-id-meta":"","stick-header-meta":"","header-above-stick-meta":"","header-main-stick-meta":"","header-below-stick-meta":"","astra-migrate-meta-layouts":"default","ast-page-background-enabled":"default","ast-page-background-meta":{"desktop":{"background-color":"var(--ast-global-color-4)","background-image":"","background-repeat":"repeat","background-position":"center center","background-size":"auto","background-attachment":"scroll","background-type":"","background-media":"","overlay-type":"","overlay-color":"","overlay-opacity":"","overlay-gradient":""},"tablet":{"background-color":"","background-image":"","background-repeat":"repeat","background-position":"center center","background-size":"auto","background-attachment":"scroll","background-type":"","background-media":"","overlay-type":"","overlay-color":"","overlay-opacity":"","overlay-gradient":""},"mobile":{"background-color":"","background-image":"","background-repeat":"repeat","background-position":"center center","background-size":"auto","background-attachment":"scroll","background-type":"","background-media":"","overlay-type":"","overlay-color":"","overlay-opacity":"","overlay-gradient":""}},"ast-content-background-meta":{"desktop":{"background-color":"var(--ast-global-color-5)","background-image":"","background-repeat":"repeat","background-position":"center center","background-size":"auto","background-attachment":"scroll","background-type":"","background-media":"","overlay-type":"","overlay-color":"","overlay-opacity":"","overlay-gradient":""},"tablet":{"background-color":"var(--ast-global-color-5)","background-image":"","background-repeat":"repeat","background-position":"center center","background-size":"auto","background-attachment":"scroll","background-type":"","background-media":"","overlay-type":"","overlay-color":"","overlay-opacity":"","overlay-gradient":""},"mobile":{"background-color":"var(--ast-global-color-5)","background-image":"","background-repeat":"repeat","background-position":"center center","background-size":"auto","background-attachment":"scroll","background-type":"","background-media":"","overlay-type":"","overlay-color":"","overlay-opacity":"","overlay-gradient":""}},"footnotes":""},"class_list":["post-474","page","type-page","status-publish","hentry"],"aioseo_notices":[],"yoast_head":"<!-- This site is optimized with the Yoast SEO plugin v25.2 - https:\/\/yoast.com\/wordpress\/plugins\/seo\/ -->\n<title>Capacitaci\u00f3n 5 -<\/title>\n<meta name=\"description\" content=\"Curso: Abordar dos de las formas de violencia en menores de edad: la violencia escolar y la violencia en pololeo.\" \/>\n<meta name=\"robots\" content=\"index, follow, max-snippet:-1, max-image-preview:large, max-video-preview:-1\" \/>\n<link rel=\"canonical\" href=\"https:\/\/desarrollartecorporacion.cl\/index.php\/capacitacion-prevencion-y-deteccion-de-violencias\/\" \/>\n<meta property=\"og:locale\" content=\"es_ES\" \/>\n<meta property=\"og:type\" content=\"article\" \/>\n<meta property=\"og:title\" content=\"Capacitaci\u00f3n 5 -\" \/>\n<meta property=\"og:description\" content=\"Curso: Abordar dos de las formas de violencia en menores de edad: la violencia escolar y la violencia en pololeo.\" \/>\n<meta property=\"og:url\" content=\"https:\/\/desarrollartecorporacion.cl\/index.php\/capacitacion-prevencion-y-deteccion-de-violencias\/\" \/>\n<meta property=\"article:modified_time\" content=\"2024-09-09T01:42:02+00:00\" \/>\n<meta property=\"og:image\" content=\"https:\/\/desarrollartecorporacion.cl\/wp-content\/uploads\/2024\/09\/violencia.jpg\" \/>\n<meta name=\"twitter:card\" content=\"summary_large_image\" \/>\n<meta name=\"twitter:label1\" content=\"Tiempo estimado de lectura\" \/>\n\t<meta name=\"twitter:data1\" content=\"2 minutos\" \/>\n<script type=\"application\/ld+json\" class=\"yoast-schema-graph\">{\"@context\":\"https:\/\/schema.org\",\"@graph\":[{\"@type\":\"WebPage\",\"@id\":\"https:\/\/desarrollartecorporacion.cl\/index.php\/capacitacion-prevencion-y-deteccion-de-violencias\/\",\"url\":\"https:\/\/desarrollartecorporacion.cl\/index.php\/capacitacion-prevencion-y-deteccion-de-violencias\/\",\"name\":\"Capacitaci\u00f3n 5 -\",\"isPartOf\":{\"@id\":\"https:\/\/desarrollartecorporacion.cl\/#website\"},\"primaryImageOfPage\":{\"@id\":\"https:\/\/desarrollartecorporacion.cl\/index.php\/capacitacion-prevencion-y-deteccion-de-violencias\/#primaryimage\"},\"image\":{\"@id\":\"https:\/\/desarrollartecorporacion.cl\/index.php\/capacitacion-prevencion-y-deteccion-de-violencias\/#primaryimage\"},\"thumbnailUrl\":\"https:\/\/desarrollartecorporacion.cl\/wp-content\/uploads\/2024\/09\/violencia.jpg\",\"datePublished\":\"2024-09-09T00:13:43+00:00\",\"dateModified\":\"2024-09-09T01:42:02+00:00\",\"description\":\"Curso: Abordar dos de las formas de violencia en menores de edad: la violencia escolar y la violencia en pololeo.\",\"breadcrumb\":{\"@id\":\"https:\/\/desarrollartecorporacion.cl\/index.php\/capacitacion-prevencion-y-deteccion-de-violencias\/#breadcrumb\"},\"inLanguage\":\"es-CL\",\"potentialAction\":[{\"@type\":\"ReadAction\",\"target\":[\"https:\/\/desarrollartecorporacion.cl\/index.php\/capacitacion-prevencion-y-deteccion-de-violencias\/\"]}]},{\"@type\":\"ImageObject\",\"inLanguage\":\"es-CL\",\"@id\":\"https:\/\/desarrollartecorporacion.cl\/index.php\/capacitacion-prevencion-y-deteccion-de-violencias\/#primaryimage\",\"url\":\"https:\/\/desarrollartecorporacion.cl\/wp-content\/uploads\/2024\/09\/violencia.jpg\",\"contentUrl\":\"https:\/\/desarrollartecorporacion.cl\/wp-content\/uploads\/2024\/09\/violencia.jpg\",\"width\":450,\"height\":299},{\"@type\":\"BreadcrumbList\",\"@id\":\"https:\/\/desarrollartecorporacion.cl\/index.php\/capacitacion-prevencion-y-deteccion-de-violencias\/#breadcrumb\",\"itemListElement\":[{\"@type\":\"ListItem\",\"position\":1,\"name\":\"Portada\",\"item\":\"https:\/\/desarrollartecorporacion.cl\/\"},{\"@type\":\"ListItem\",\"position\":2,\"name\":\"Capacitaci\u00f3n 5\"}]},{\"@type\":\"WebSite\",\"@id\":\"https:\/\/desarrollartecorporacion.cl\/#website\",\"url\":\"https:\/\/desarrollartecorporacion.cl\/\",\"name\":\"\",\"description\":\"Corporaci\u00f3n para el fortalecimiento pedag\u00f3gico con enfoque de derecho\",\"potentialAction\":[{\"@type\":\"SearchAction\",\"target\":{\"@type\":\"EntryPoint\",\"urlTemplate\":\"https:\/\/desarrollartecorporacion.cl\/?s={search_term_string}\"},\"query-input\":{\"@type\":\"PropertyValueSpecification\",\"valueRequired\":true,\"valueName\":\"search_term_string\"}}],\"inLanguage\":\"es-CL\"}]}<\/script>\n<!-- \/ Yoast SEO plugin. -->","yoast_head_json":{"title":"Capacitaci\u00f3n 5 -","description":"Curso: Abordar dos de las formas de violencia en menores de edad: la violencia escolar y la violencia en pololeo.","robots":{"index":"index","follow":"follow","max-snippet":"max-snippet:-1","max-image-preview":"max-image-preview:large","max-video-preview":"max-video-preview:-1"},"canonical":"https:\/\/desarrollartecorporacion.cl\/index.php\/capacitacion-prevencion-y-deteccion-de-violencias\/","og_locale":"es_ES","og_type":"article","og_title":"Capacitaci\u00f3n 5 -","og_description":"Curso: Abordar dos de las formas de violencia en menores de edad: la violencia escolar y la violencia en pololeo.","og_url":"https:\/\/desarrollartecorporacion.cl\/index.php\/capacitacion-prevencion-y-deteccion-de-violencias\/","article_modified_time":"2024-09-09T01:42:02+00:00","og_image":[{"url":"https:\/\/desarrollartecorporacion.cl\/wp-content\/uploads\/2024\/09\/violencia.jpg","type":"","width":"","height":""}],"twitter_card":"summary_large_image","twitter_misc":{"Tiempo estimado de lectura":"2 minutos"},"schema":{"@context":"https:\/\/schema.org","@graph":[{"@type":"WebPage","@id":"https:\/\/desarrollartecorporacion.cl\/index.php\/capacitacion-prevencion-y-deteccion-de-violencias\/","url":"https:\/\/desarrollartecorporacion.cl\/index.php\/capacitacion-prevencion-y-deteccion-de-violencias\/","name":"Capacitaci\u00f3n 5 -","isPartOf":{"@id":"https:\/\/desarrollartecorporacion.cl\/#website"},"primaryImageOfPage":{"@id":"https:\/\/desarrollartecorporacion.cl\/index.php\/capacitacion-prevencion-y-deteccion-de-violencias\/#primaryimage"},"image":{"@id":"https:\/\/desarrollartecorporacion.cl\/index.php\/capacitacion-prevencion-y-deteccion-de-violencias\/#primaryimage"},"thumbnailUrl":"https:\/\/desarrollartecorporacion.cl\/wp-content\/uploads\/2024\/09\/violencia.jpg","datePublished":"2024-09-09T00:13:43+00:00","dateModified":"2024-09-09T01:42:02+00:00","description":"Curso: Abordar dos de las formas de violencia en menores de edad: la violencia escolar y la violencia en pololeo.","breadcrumb":{"@id":"https:\/\/desarrollartecorporacion.cl\/index.php\/capacitacion-prevencion-y-deteccion-de-violencias\/#breadcrumb"},"inLanguage":"es-CL","potentialAction":[{"@type":"ReadAction","target":["https:\/\/desarrollartecorporacion.cl\/index.php\/capacitacion-prevencion-y-deteccion-de-violencias\/"]}]},{"@type":"ImageObject","inLanguage":"es-CL","@id":"https:\/\/desarrollartecorporacion.cl\/index.php\/capacitacion-prevencion-y-deteccion-de-violencias\/#primaryimage","url":"https:\/\/desarrollartecorporacion.cl\/wp-content\/uploads\/2024\/09\/violencia.jpg","contentUrl":"https:\/\/desarrollartecorporacion.cl\/wp-content\/uploads\/2024\/09\/violencia.jpg","width":450,"height":299},{"@type":"BreadcrumbList","@id":"https:\/\/desarrollartecorporacion.cl\/index.php\/capacitacion-prevencion-y-deteccion-de-violencias\/#breadcrumb","itemListElement":[{"@type":"ListItem","position":1,"name":"Portada","item":"https:\/\/desarrollartecorporacion.cl\/"},{"@type":"ListItem","position":2,"name":"Capacitaci\u00f3n 5"}]},{"@type":"WebSite","@id":"https:\/\/desarrollartecorporacion.cl\/#website","url":"https:\/\/desarrollartecorporacion.cl\/","name":"","description":"Corporaci\u00f3n para el fortalecimiento pedag\u00f3gico con enfoque de derecho","potentialAction":[{"@type":"SearchAction","target":{"@type":"EntryPoint","urlTemplate":"https:\/\/desarrollartecorporacion.cl\/?s={search_term_string}"},"query-input":{"@type":"PropertyValueSpecification","valueRequired":true,"valueName":"search_term_string"}}],"inLanguage":"es-CL"}]}},"_links":{"self":[{"href":"https:\/\/desarrollartecorporacion.cl\/index.php\/wp-json\/wp\/v2\/pages\/474","targetHints":{"allow":["GET"]}}],"collection":[{"href":"https:\/\/desarrollartecorporacion.cl\/index.php\/wp-json\/wp\/v2\/pages"}],"about":[{"href":"https:\/\/desarrollartecorporacion.cl\/index.php\/wp-json\/wp\/v2\/types\/page"}],"author":[{"embeddable":true,"href":"https:\/\/desarrollartecorporacion.cl\/index.php\/wp-json\/wp\/v2\/users\/1"}],"replies":[{"embeddable":true,"href":"https:\/\/desarrollartecorporacion.cl\/index.php\/wp-json\/wp\/v2\/comments?post=474"}],"version-history":[{"count":4,"href":"https:\/\/desarrollartecorporacion.cl\/index.php\/wp-json\/wp\/v2\/pages\/474\/revisions"}],"predecessor-version":[{"id":481,"href":"https:\/\/desarrollartecorporacion.cl\/index.php\/wp-json\/wp\/v2\/pages\/474\/revisions\/481"}],"wp:attachment":[{"href":"https:\/\/desarrollartecorporacion.cl\/index.php\/wp-json\/wp\/v2\/media?parent=474"}],"curies":[{"name":"wp","href":"https:\/\/api.w.org\/{rel}","templated":true}]}}